{"id":510,"date":"2018-05-23T09:46:23","date_gmt":"2018-05-23T09:46:23","guid":{"rendered":"https:\/\/caransebes.kolping.ro\/?page_id=504"},"modified":"2026-04-16T09:31:14","modified_gmt":"2026-04-16T09:31:14","slug":"gallery","status":"publish","type":"page","link":"https:\/\/caransebes.kolping.ro\/en\/gallery\/","title":{"rendered":"Gallery"},"content":{"rendered":"<div class=\"brz-root__container brz-reset-all\">\n<section data-uid=\"tw0Axihbzg\" id=\"tw0Axihbzg\" class=\"brz-section brz-css-hmrqz\">\n<div class=\"brz-section__content brz-section--boxed brz-css-qtete brz-css-fiokq\" data-custom-id=\"MDscZD7~Hv\">\n<div class=\"brz-container brz-css-yafvv\">\n<div class=\"brz-css-oaaaa brz-css-migcz brz-wrapper\">\n<div class=\"brz-rich-text brz-rich-text__custom brz-css-mctwr\" data-custom-id=\"6InA13roIm\">\n<div>\n<p class=\"brz-css-sbdyj\" data-uniq-id=\"uxmgq\" data-generated-css=\"brz-css-ldmfx\"><strong>OBIECTIVE TURISTICE<\/strong><\/p>\n<\/div>\n<\/div>\n<\/div>\n<div class=\"brz-css-oaaaa brz-css-djwtt brz-wrapper\">\n<div class=\"brz-spacer brz-css-cfzjq brz-css-prnpu\"><\/div>\n<\/div>\n<\/div>\n<\/div>\n<\/section>\n<section data-uid=\"pqbkscqgajpoxsdufhfqlpdcqyyhxebvahfy\" id=\"pqbkscqgajpoxsdufhfqlpdcqyyhxebvahfy\" class=\"brz-section brz-css-hmrqz\">\n<div class=\"brz-section__content brz-section--boxed brz-css-qtete brz-css-zvhsg\" data-custom-id=\"neofsboogonghpawzzormdaciseasrswydfv\">\n<div class=\"brz-container brz-css-yafvv brz-css-wcxec\">\n<div class=\"brz-css-oaaaa brz-css-vjxze brz-wrapper\">\n<div class=\"brz-rich-text brz-rich-text__custom brz-css-mctwr\" data-custom-id=\"dwkcxqyqtnrhxxxahknulpyrfsfaowmtvdxv\">\n<div>\n<h1 class=\"brz-css-btday\" data-uniq-id=\"dvkog\" data-generated-css=\"brz-css-syjkv\"><span class=\"brz-cp-color2\">Turnul lui Ovid<\/span><\/h1>\n<\/div>\n<\/div>\n<\/div>\n<div class=\"brz-css-oaaaa brz-css-uwqms brz-wrapper\">\n<div class=\"brz-rich-text brz-rich-text__custom brz-css-mctwr\" data-custom-id=\"sjcoaaswboeaflyxtqejjyodvdxexbljtytj\">\n<div>\n<p data-generated-css=\"brz-css-fzfkx\" data-uniq-id=\"emkgb\" class=\"brz-css-yavuv\"><em class=\"brz-cp-color7\">\u00cen apropierea comunei Turnu-Ruieni este situat turnul de observa\u021bie \u0219i alarm\u0103 \u2013 Turnul lui Ovid. \u00centr-un document, datat \u00een anul 1467, se face referire la \u201cTurnul Capidea\u201d (turnul de piatr\u0103). De numele turnului se leag\u0103 o legend\u0103 care aminte\u015fte c\u0103 poetul Ovidiu, exilat din Roma la Tomis, ar fi poposit \u00een aceast\u0103 zon\u0103 frumoas\u0103. \u00cenc\u00e2ntat de frumuse\u0163ea acestor plaiuri, el ar fi exclamat \u201cCara mihi sedes\u201d (locuin\u0163a mea iubit\u0103), de unde ar fi venit numele ora\u015fului Caransebe\u0219.<\/em><\/p>\n<p data-generated-css=\"brz-css-pnjgt\" data-uniq-id=\"zilol\" class=\"brz-css-chofh\"><em class=\"brz-cp-color7\"> <\/em><\/p>\n<\/div>\n<\/div>\n<\/div>\n<div class=\"brz-css-oaaaa brz-css-bszaz brz-wrapper\">\n<div class=\"brz-image__gallery\" data-custom-id=\"qlutqgjmydfsygipeatxvpjmtrqnidyiifvd\">\n<div class=\"brz-image__gallery-wrapper brz-d-xs-flex brz-flex-xs-wrap brz-image__gallery-lightbox brz-css-gmubh brz-css-zbman\">\n<div class=\"brz-image__gallery-item\">\n<div class=\"brz-image brz-css-cynmo\"><a class=\"brz-a\" href=\"https:\/\/caransebes.kolping.ro\/wp-content\/uploads\/2021\/08\/t2.jpg\" data-brz-link-type=\"lightBox\" id data-custom-id=\"tkmanicwlnopndxrzpchssvmctxfcxhihkdt\"><img decoding=\"async\" class=\"brz-img\" src=\"https:\/\/caransebes.kolping.ro\/wp-content\/uploads\/brizy\/imgs\/t2-338x253x0x0x338x253x1630068278.jpg\" alt=\"\" loading=\"lazy\" \/><\/a><\/div>\n<\/div>\n<div class=\"brz-image__gallery-item\">\n<div class=\"brz-image brz-css-tstgz\"><a class=\"brz-a\" href=\"https:\/\/caransebes.kolping.ro\/wp-content\/uploads\/2021\/08\/t1.jpg\" data-brz-link-type=\"lightBox\" id data-custom-id=\"rczjncnseefaffrcylfhwogyqsndryvcqseb\"><img decoding=\"async\" class=\"brz-img\" src=\"https:\/\/caransebes.kolping.ro\/wp-content\/uploads\/brizy\/imgs\/t1-338x253x0x0x338x253x1630068274.jpg\" alt=\"\" loading=\"lazy\" \/><\/a><\/div>\n<\/div>\n<div class=\"brz-image__gallery-item\">\n<div class=\"brz-image brz-css-alpvv\"><a class=\"brz-a\" href=\"https:\/\/caransebes.kolping.ro\/wp-content\/uploads\/2021\/08\/t3.jpg\" data-brz-link-type=\"lightBox\" id data-custom-id=\"dnczdkindsbcsqcbuqtmfxrivzedjumvijwb\"><img decoding=\"async\" class=\"brz-img\" src=\"https:\/\/caransebes.kolping.ro\/wp-content\/uploads\/brizy\/imgs\/t3-371x255x34x0x338x255x1630068279.jpg\" alt=\"\" loading=\"lazy\" \/><\/a><\/div>\n<\/div>\n<\/div>\n<\/div>\n<\/div>\n<\/div>\n<\/div>\n<\/section>\n<section data-uid=\"vyyhkchctkpxnixyndsrirwtocfnizzhkabu\" id=\"vyyhkchctkpxnixyndsrirwtocfnizzhkabu\" class=\"brz-section brz-css-hmrqz\">\n<div class=\"brz-section__content brz-section--boxed brz-css-qtete brz-css-eyinh\" data-custom-id=\"olranpvzzyrrqzevcjmsxasknnpfhlqdrpvw\">\n<div class=\"brz-container brz-css-yafvv brz-css-ngxvq\">\n<div class=\"brz-css-oaaaa brz-css-hqmdn brz-wrapper\">\n<div class=\"brz-rich-text brz-rich-text__custom brz-css-mctwr\" data-custom-id=\"kojsbflyryvfllbglzefpzauhshzrdqbtmiy\">\n<div>\n<h1 class=\"brz-css-tjoup\" data-uniq-id=\"hhfiz\" data-generated-css=\"brz-css-icfkf\"><span class=\"brz-cp-color2\">Sta\u021biunea Muntele Mic<\/span><\/h1>\n<\/div>\n<\/div>\n<\/div>\n<div class=\"brz-css-oaaaa brz-css-zfero brz-wrapper\">\n<div class=\"brz-rich-text brz-rich-text__custom brz-css-mctwr\" data-custom-id=\"irmjdltcefnmialtenkuikafsastwcukkwbp\">\n<div>\n<p class=\"brz-css-yeelb\" data-generated-css=\"brz-css-qiums\" data-uniq-id=\"elnex\"><em class=\"brz-cp-color7\">Sta\u0163iunea Muntele Mic se afl\u0103 la altitudinea de 1525 m \u015fi de aici, \u00een patru ore, se poate ajunge pe Muntele \u0162arcu (unde exist\u0103 o important\u0103 sta\u0163ie meteorologic\u0103). \u00cen circa trei ore, se ajunge pe Cuntu \u015fi \u00een patru ore, \u00een sta\u0163iunea Poiana M\u0103rului, care se afl\u0103 la altitudinea de 680 m. Un rol important al acestor sta\u0163iuni \u00eel joac\u0103 altitudinea, aerul este curat, izvoarele reci \u015fi priveli\u015ftile superbe. \u00cen lunile de iarn\u0103 recomand\u0103m p\u00e2rtia de ski din sta\u021biune: https:\/\/weski.ro\/camere-live\/<\/em><\/p>\n<p class=\"brz-css-halad\" data-generated-css=\"brz-css-ejfiq\" data-uniq-id=\"kttkn\"><em class=\"brz-cp-color7\"> <\/em><\/p>\n<\/div>\n<\/div>\n<\/div>\n<div class=\"brz-css-oaaaa brz-css-cdpcj brz-wrapper\">\n<div class=\"brz-image__gallery\" data-custom-id=\"hpfenrqqduxesomvfytuhhrtgckbaduxwweq\">\n<div class=\"brz-image__gallery-wrapper brz-d-xs-flex brz-flex-xs-wrap brz-image__gallery-lightbox brz-css-gmubh brz-css-kafwx\">\n<div class=\"brz-image__gallery-item\">\n<div class=\"brz-image brz-css-hybes\"><a class=\"brz-a\" href=\"https:\/\/caransebes.kolping.ro\/wp-content\/uploads\/2021\/08\/m3.jpg\" data-brz-link-type=\"lightBox\" id data-custom-id=\"tksuvwdahurasjyrxbpxldxodsogpeshbeqr\"><img decoding=\"async\" class=\"brz-img\" src=\"https:\/\/caransebes.kolping.ro\/wp-content\/uploads\/brizy\/imgs\/m3-547x254x105x0x338x254x1630069363.jpg\" alt=\"\" loading=\"lazy\" \/><\/a><\/div>\n<\/div>\n<div class=\"brz-image__gallery-item\">\n<div class=\"brz-image brz-css-nhyba\"><a class=\"brz-a\" href=\"https:\/\/caransebes.kolping.ro\/wp-content\/uploads\/2021\/08\/m2.jpg\" data-brz-link-type=\"lightBox\" id data-custom-id=\"uaicebmobrvrxdasfosllqslwcqwawweczcm\"><img decoding=\"async\" class=\"brz-img\" src=\"https:\/\/caransebes.kolping.ro\/wp-content\/uploads\/brizy\/imgs\/m2-338x255x0x0x338x255x1630069362.jpg\" alt=\"\" loading=\"lazy\" \/><\/a><\/div>\n<\/div>\n<div class=\"brz-image__gallery-item\">\n<div class=\"brz-image brz-css-mmdxu\"><a class=\"brz-a\" href=\"https:\/\/caransebes.kolping.ro\/wp-content\/uploads\/2021\/08\/m1.jpg\" data-brz-link-type=\"lightBox\" id data-custom-id=\"nimjtsbafixekrssukjxmgayouadxlmaaghx\"><img decoding=\"async\" class=\"brz-img\" src=\"https:\/\/caransebes.kolping.ro\/wp-content\/uploads\/brizy\/imgs\/m1-453x255x115x0x338x255x1630069359.jpg\" alt=\"\" loading=\"lazy\" \/><\/a><\/div>\n<\/div>\n<\/div>\n<\/div>\n<\/div>\n<\/div>\n<\/div>\n<\/section>\n<section data-uid=\"hstrialfimmvkhyniymxrtitgtmoepcohhmu\" id=\"hstrialfimmvkhyniymxrtitgtmoepcohhmu\" class=\"brz-section brz-css-hmrqz\">\n<div class=\"brz-section__content brz-section--boxed brz-css-qtete brz-css-rrojs\" data-custom-id=\"cofqjnpexhrklebqpfqkpdfyrewnvchafqgy\">\n<div class=\"brz-container brz-css-yafvv brz-css-oonay\">\n<div class=\"brz-css-oaaaa brz-css-hnlxa brz-wrapper\">\n<div class=\"brz-rich-text brz-rich-text__custom brz-css-mctwr\" data-custom-id=\"qoulpdjgnmidqljnvewwtxthlwhgntvkcbhk\">\n<div>\n<h1 class=\"brz-css-qfvpm\" data-generated-css=\"brz-css-voqvg\" data-uniq-id=\"uoazc\"><span class=\"brz-cp-color2\">Cheile Rud\u0103riei<\/span><\/h1>\n<\/div>\n<\/div>\n<\/div>\n<div class=\"brz-css-oaaaa brz-css-qxoyb brz-wrapper\">\n<div class=\"brz-rich-text brz-rich-text__custom brz-css-mctwr\" data-custom-id=\"gkylfnfsjkhwbdimyoodfrcvkgagwceqceym\">\n<div>\n<p class=\"brz-css-axwmc\" data-uniq-id=\"xyfif\" data-generated-css=\"brz-css-eplid\"><em class=\"brz-cp-color7\">Privind din amonte, Valea Rud\u0103riei pare un imens \u0219i str\u0103vechi muzeu al tehnicii cu celebrele lui mori de ap\u0103 cu ciutur\u0103, a c\u0103ror vechime se pierde \u00een negura vremii. \u00cen trecut, \u00een \u00eentreaga depresiune a Alm\u0103jului, erau \u00een jur de 300 astfel de mori. Aceste mori se \u00eencadreaz\u0103 perfect \u00een peisajul zonei, d\u00e2nd turistului senza\u021bia unei \u00eentoarceri \u00een timp. Morile impresioneaz\u0103 \u0219i prin felul in care au fost construite. Ies \u00een eviden\u021b\u0103 tunelele din st\u00e2nc\u0103 dur\u0103 s\u0103pate nu de ape, ci de<\/em><\/p>\n<p class=\"brz-css-jgdwa\" data-generated-css=\"brz-css-ebvtm\" data-uniq-id=\"mzpzn\"><em class=\"brz-cp-color7\">oameni, spre a m\u0103ri de zeci de ori for\u021ba \u0219uvoiului ce mi\u0219c\u0103 pietrele, rezultatul fiind f\u0103ina de o rar\u0103 calitate. Fiecare moar\u0103 se afla \u00een grija unei familii care se ocup\u0103 de \u00eentre\u021binerea, func\u021bionarea \u0219i p\u0103strarea ei.<\/em><\/p>\n<p class=\"brz-css-uhacs\" data-generated-css=\"brz-css-rmcej\" data-uniq-id=\"ejtib\"><em class=\"brz-cp-color7\"> <\/em><\/p>\n<\/div>\n<\/div>\n<\/div>\n<div class=\"brz-css-oaaaa brz-css-cygzt brz-wrapper\">\n<div class=\"brz-image__gallery\" data-custom-id=\"ddkwudmdagbsnfmqlkwsdfmhaixvzdfbqpnm\">\n<div class=\"brz-image__gallery-wrapper brz-d-xs-flex brz-flex-xs-wrap brz-image__gallery-lightbox brz-css-gmubh brz-css-oethj\">\n<div class=\"brz-image__gallery-item\">\n<div class=\"brz-image brz-css-inatt\"><a class=\"brz-a\" href=\"https:\/\/caransebes.kolping.ro\/wp-content\/uploads\/2021\/08\/r2.jpg\" data-brz-link-type=\"lightBox\" id data-custom-id=\"pnadfxvejkdjsaofhierfmcuidkgffutjrzp\"><img decoding=\"async\" class=\"brz-img\" src=\"https:\/\/caransebes.kolping.ro\/wp-content\/uploads\/brizy\/imgs\/r2-382x254x22x0x338x254x1630069630.jpg\" alt=\"\" loading=\"lazy\" \/><\/a><\/div>\n<\/div>\n<div class=\"brz-image__gallery-item\">\n<div class=\"brz-image brz-css-bzckm\"><a class=\"brz-a\" href=\"https:\/\/caransebes.kolping.ro\/wp-content\/uploads\/2021\/08\/r1.jpg\" data-brz-link-type=\"lightBox\" id data-custom-id=\"xjfzfizgagfujqavohrtvfkdpfgwpsnwhxha\"><img decoding=\"async\" class=\"brz-img\" src=\"https:\/\/caransebes.kolping.ro\/wp-content\/uploads\/brizy\/imgs\/r1-382x255x22x0x338x255x1630069631.jpg\" alt=\"\" loading=\"lazy\" \/><\/a><\/div>\n<\/div>\n<div class=\"brz-image__gallery-item\">\n<div class=\"brz-image brz-css-kwvew\"><a class=\"brz-a\" href=\"https:\/\/caransebes.kolping.ro\/wp-content\/uploads\/2021\/08\/r3.jpg\" data-brz-link-type=\"lightBox\" id data-custom-id=\"vwerhtgkoshifthrkbntydcamxdurgdontfw\"><img decoding=\"async\" class=\"brz-img\" src=\"https:\/\/caransebes.kolping.ro\/wp-content\/uploads\/brizy\/imgs\/r3-540x255x203x0x338x255x1630069628.jpg\" alt=\"\" loading=\"lazy\" \/><\/a><\/div>\n<\/div>\n<\/div>\n<\/div>\n<\/div>\n<\/div>\n<\/div>\n<\/section>\n<section data-uid=\"owcnbiswonrqfmvvxiwlytohxoobqyddwoxe\" id=\"owcnbiswonrqfmvvxiwlytohxoobqyddwoxe\" class=\"brz-section brz-css-hmrqz\">\n<div class=\"brz-section__content brz-section--boxed brz-css-qtete brz-css-iqwyy\" data-custom-id=\"hrkvzkevamtjynqluuhzejgnzfycdndjujka\">\n<div class=\"brz-container brz-css-yafvv brz-css-zfuqp\">\n<div class=\"brz-css-oaaaa brz-css-ybnic brz-wrapper\">\n<div class=\"brz-rich-text brz-rich-text__custom brz-css-mctwr\" data-custom-id=\"karejnfwretborxolmitobzoylgythoejcie\">\n<div>\n<h1 class=\"brz-css-jeeyu\" data-uniq-id=\"xyjbg\" data-generated-css=\"brz-css-yvsge\"><span class=\"brz-cp-color2\">Zona Poiana M\u0103rului<\/span><\/h1>\n<\/div>\n<\/div>\n<\/div>\n<div class=\"brz-css-oaaaa brz-css-rreho brz-wrapper\">\n<div class=\"brz-rich-text brz-rich-text__custom brz-css-mctwr\" data-custom-id=\"lvpnvttxqoqilhxvwtsrukawhanclxbewbvk\">\n<div>\n<p class=\"brz-css-xbren\" data-generated-css=\"brz-css-zytit\" data-uniq-id=\"skjiw\"><em class=\"brz-cp-color7\">\u00centre bijuteriile montane ale Banatului, la loc de frunte, se afl\u0103 Sta\u021biunea Poiana M\u0103rului, a\u0219ezat\u0103 \u00een vatra unui imens amfiteatru \u00een form\u0103 de potcoav\u0103, la o \u00een\u00e2l\u021bime de 500 m. Sta\u021biunea Poiana M\u0103rului este situat\u0103 la o distan\u021b\u0103 de 25 km de ora\u0219ul O\u021belu Rosu, \u00eentr-un decor deosebit de pitoresc, dominat de p\u0103duri r\u0103sp\u00e2ndite \u00eentre Muntele Mic, Nedela \u0219i V\u00e2rful Pietrii.<\/em><\/p>\n<p data-generated-css=\"brz-css-zytit\" data-uniq-id=\"skjiw\" class=\"brz-css-absdq\"><em class=\"brz-cp-color7\"> <\/em><\/p>\n<\/div>\n<\/div>\n<\/div>\n<div class=\"brz-css-oaaaa brz-css-jayiq brz-wrapper\">\n<div class=\"brz-image__gallery\" data-custom-id=\"zkuqhrknfpznkqgyefndkvqtztgnjnvcxntd\">\n<div class=\"brz-image__gallery-wrapper brz-d-xs-flex brz-flex-xs-wrap brz-image__gallery-lightbox brz-css-gmubh brz-css-dyzvm\">\n<div class=\"brz-image__gallery-item\">\n<div class=\"brz-image brz-css-esqqm\"><a class=\"brz-a\" href=\"https:\/\/caransebes.kolping.ro\/wp-content\/uploads\/2021\/08\/ma1.jpg\" data-brz-link-type=\"lightBox\" id data-custom-id=\"bhbhpfdafhunlkuaiuuiknxkvuvnracwldyy\"><img decoding=\"async\" class=\"brz-img\" src=\"https:\/\/caransebes.kolping.ro\/wp-content\/uploads\/brizy\/imgs\/ma1-453x255x57x0x338x255x1630069771.jpg\" alt=\"\" loading=\"lazy\" \/><\/a><\/div>\n<\/div>\n<div class=\"brz-image__gallery-item\">\n<div class=\"brz-image brz-css-ulfvf\"><a class=\"brz-a\" href=\"https:\/\/caransebes.kolping.ro\/wp-content\/uploads\/2021\/08\/ma2.jpg\" data-brz-link-type=\"lightBox\" id data-custom-id=\"yfihsbvkimhcbidipcczibxjyoxdwxthrhws\"><img decoding=\"async\" class=\"brz-img\" src=\"https:\/\/caransebes.kolping.ro\/wp-content\/uploads\/brizy\/imgs\/ma2-453x254x57x0x338x254x1630069776.jpg\" alt=\"\" loading=\"lazy\" \/><\/a><\/div>\n<\/div>\n<div class=\"brz-image__gallery-item\">\n<div class=\"brz-image brz-css-thuxr\"><a class=\"brz-a\" href=\"https:\/\/caransebes.kolping.ro\/wp-content\/uploads\/2021\/08\/ma3.jpg\" data-brz-link-type=\"lightBox\" id data-custom-id=\"nmfikbsmxjdyfeukeobgvoglvnywwszebxrz\"><img decoding=\"async\" class=\"brz-img\" src=\"https:\/\/caransebes.kolping.ro\/wp-content\/uploads\/brizy\/imgs\/ma3-338x253x0x0x338x253x1630069778.jpg\" alt=\"\" loading=\"lazy\" \/><\/a><\/div>\n<\/div>\n<\/div>\n<\/div>\n<\/div>\n<\/div>\n<\/div>\n<\/section>\n<section data-uid=\"adidrymmvykaeosdnrouppxvdynymjqxvrle\" id=\"adidrymmvykaeosdnrouppxvdynymjqxvrle\" class=\"brz-section brz-css-hmrqz\">\n<div class=\"brz-section__content brz-section--boxed brz-css-qtete brz-css-evrbb\" data-custom-id=\"clogieutjhsclmmnteztusfxpyblmplhtxsw\">\n<div class=\"brz-container brz-css-yafvv brz-css-yuuce\">\n<div class=\"brz-css-oaaaa brz-css-bovrw brz-wrapper\">\n<div class=\"brz-rich-text brz-rich-text__custom brz-css-mctwr\" data-custom-id=\"kpkotwojiqjfnunjimasbqaoyjwaizorizxy\">\n<div>\n<h1 class=\"brz-css-veiup\" data-generated-css=\"brz-css-xjgit\" data-uniq-id=\"vvzky\"><span class=\"brz-cp-color2\">Schitu Piatra Scris\u0103 <\/span><\/h1>\n<\/div>\n<\/div>\n<\/div>\n<div class=\"brz-css-oaaaa brz-css-toyvm brz-wrapper\">\n<div class=\"brz-rich-text brz-rich-text__custom brz-css-mctwr\" data-custom-id=\"ysdinkialollflerirdfsytuhfiolvkcditz\">\n<div>\n<p class=\"brz-css-rscpx\" data-generated-css=\"brz-css-pexwr\" data-uniq-id=\"yrikb\"><em class=\"brz-cp-color7\">De la Caransebes spre Or\u0219ova, la o distan\u021b\u0103 de 25 km, \u00een localitatea Armeni\u0219, unde drumul \u00eent\u00e2lne\u0219te cu apele Timi\u0219ului, st\u0103 de veghe Schitul Piatra Scris\u0103, care zi \u0219i noapte privegheaza \u0219i se roag\u0103 pentru to\u021bi cei care calc\u0103 pragul acestei a\u0219ez\u0103ri monahale.<\/em><\/p>\n<p class=\"brz-css-lqzkv\" data-generated-css=\"brz-css-bgheb\" data-uniq-id=\"disnu\"><em class=\"brz-cp-color7\"> <\/em><\/p>\n<\/div>\n<\/div>\n<\/div>\n<div class=\"brz-css-oaaaa brz-css-cbmjm brz-wrapper\">\n<div class=\"brz-image__gallery\" data-custom-id=\"vyjnvjzeaynfvjxbapikftoynjahucgjxrnd\">\n<div class=\"brz-image__gallery-wrapper brz-d-xs-flex brz-flex-xs-wrap brz-image__gallery-lightbox brz-css-gmubh brz-css-dvytj\">\n<div class=\"brz-image__gallery-item\">\n<div class=\"brz-image brz-css-ajuex\"><a class=\"brz-a\" href=\"https:\/\/caransebes.kolping.ro\/wp-content\/uploads\/2021\/08\/s1.jpg\" data-brz-link-type=\"lightBox\" id data-custom-id=\"secsbdamyccpkzsaotrebzmksbtudgbelppi\"><img decoding=\"async\" class=\"brz-img\" src=\"https:\/\/caransebes.kolping.ro\/wp-content\/uploads\/brizy\/imgs\/s1-338x253x0x0x338x253x1630069928.jpg\" alt=\"\" loading=\"lazy\" \/><\/a><\/div>\n<\/div>\n<div class=\"brz-image__gallery-item\">\n<div class=\"brz-image brz-css-gocmh\"><a class=\"brz-a\" href=\"https:\/\/caransebes.kolping.ro\/wp-content\/uploads\/2021\/08\/s2.jpg\" data-brz-link-type=\"lightBox\" id data-custom-id=\"pqgdsxrjyofnnybcqeteyhcanxhyyzuetsky\"><img decoding=\"async\" class=\"brz-img\" src=\"https:\/\/caransebes.kolping.ro\/wp-content\/uploads\/brizy\/imgs\/s2-510x255x172x0x338x255x1630069927.jpg\" alt=\"\" loading=\"lazy\" \/><\/a><\/div>\n<\/div>\n<div class=\"brz-image__gallery-item\">\n<div class=\"brz-image brz-css-wsiqi\"><a class=\"brz-a\" href =\"\/en\/1\/\" data-brz-link-type=\"lightBox\" id data-custom-id=\"jnuvgbmfuaiwbhmrgfzmbkitndytbqktiapp\"><\/p>\n<div class=\"brz-picture brz-d-block brz-p-relative brz-css-dlzoz\">\n<div class=\"brz-shortcode__placeholder\">\n<\/div>\n<\/div>\n<p><\/a><\/div>\n<\/div>\n<\/div>\n<\/div>\n<\/div>\n<\/div>\n<\/div>\n<\/section>\n<section data-uid=\"cjbllishrnssbxxhbywwqsvcifjcarcgbjog\" id=\"cjbllishrnssbxxhbywwqsvcifjcarcgbjog\" class=\"brz-section brz-css-hmrqz\">\n<div class=\"brz-section__content brz-section--boxed brz-css-qtete brz-css-tiafu\" data-custom-id=\"otypuaziidgrbepthnmnrxojjhpiaiynedrq\">\n<div class=\"brz-container brz-css-yafvv brz-css-fcoki\">\n<div class=\"brz-css-oaaaa brz-css-hbzji brz-wrapper\">\n<div class=\"brz-rich-text brz-rich-text__custom brz-css-mctwr\" data-custom-id=\"krdzzqdflxnfhcuceibjuhuwmiufnhcnbrtd\">\n<div>\n<h1 class=\"brz-css-ewpbg\" data-uniq-id=\"sjymi\" data-generated-css=\"brz-css-xyeum\"><span class=\"brz-cp-color2\">La Tunele (Cheile Nerei &#8211; Beu\u0219ni\u021ba)<\/span><\/h1>\n<\/div>\n<\/div>\n<\/div>\n<div class=\"brz-css-oaaaa brz-css-txxla brz-wrapper\">\n<div class=\"brz-rich-text brz-rich-text__custom brz-css-mctwr\" data-custom-id=\"tnickpmsjowextnvfgkrlzresfxgieztrbua\">\n<div>\n<p class=\"brz-css-dpwof\" data-generated-css=\"brz-css-dhifc\" data-uniq-id=\"hwfmi\"><em class=\"brz-cp-color7\">Cu lacurile ei verzi-albastre \u015fi st\u00e2ncile albe \u015fi col\u0163uroase, Rezerva\u0163ia Cheile Nerei-Beu\u015fni\u0163a se fere\u015fte de privirile iscoditoare ale civiliza\u0163iei. Peste s\u0103lb\u0103ticia acestor meleaguri domnesc \u00eenc\u0103 vipera cu corn, libelulele \u015fi licuricii, iar muzica frunzi\u015fului bogat al p\u0103durii este acompaniat\u0103 de glasurile \u015fuvoaielor de ap\u0103, str\u0103pung\u00e2nd necontenit calcarele b\u0103tr\u00e2ne. Parcul p\u0103streaz\u0103, \u00een cele 36.758 de hectare, multe bog\u0103\u0163ii naturale, etnologice \u015fi culturale. Grani\u0163ele lui sunt delimitate de culmi de deal, borne silvice, confluen\u0163e de r\u00e2uri \u015fi v\u0103i. \u00cen cadrul parcului exist\u0103 c\u00e2teva rezerva\u0163ii, dintre care una poart\u0103 acela\u015fi nume, Cheile Nerei-Beu\u015fni\u0163a. Ea este o s\u0103lb\u0103ticie de aproape 4000 de hectare, al c\u0103rei relief calcaros a fost s\u0103pat, m\u0103cinat \u015fi sculptat, \u00een principal, de dou\u0103 r\u00e2uri: Nera \u015fi Beu.<\/em><\/p>\n<p class=\"brz-css-jhjth\" data-generated-css=\"brz-css-saeqr\" data-uniq-id=\"felev\"><em class=\"brz-cp-color7\"> <\/em><\/p>\n<\/div>\n<\/div>\n<\/div>\n<div class=\"brz-css-oaaaa brz-css-ijbim brz-wrapper\">\n<div class=\"brz-image__gallery\" data-custom-id=\"cemltkwqzrokcuvtzuwkaohbuwmrediwsjkz\">\n<div class=\"brz-image__gallery-wrapper brz-d-xs-flex brz-flex-xs-wrap brz-image__gallery-lightbox brz-css-gmubh brz-css-gvbms\">\n<div class=\"brz-image__gallery-item\">\n<div class=\"brz-image brz-css-erpch\"><a class=\"brz-a\" href=\"https:\/\/caransebes.kolping.ro\/wp-content\/uploads\/2021\/08\/b2.jpg\" data-brz-link-type=\"lightBox\" id data-custom-id=\"vguqpvnlexqhaobylqohfhfqxgtppfhpcjmw\"><img decoding=\"async\" class=\"brz-img\" src=\"https:\/\/caransebes.kolping.ro\/wp-content\/uploads\/brizy\/imgs\/b2-338x261x0x3x338x256x1630070166.jpg\" alt=\"\" loading=\"lazy\" \/><\/a><\/div>\n<\/div>\n<div class=\"brz-image__gallery-item\">\n<div class=\"brz-image brz-css-rjjzj\"><a class=\"brz-a\" href=\"https:\/\/caransebes.kolping.ro\/wp-content\/uploads\/2021\/08\/b3.jpg\" data-brz-link-type=\"lightBox\" id data-custom-id=\"nsnujgidfbocbpxajbilfnysigtgqbjhdhgz\"><img decoding=\"async\" class=\"brz-img\" src=\"https:\/\/caransebes.kolping.ro\/wp-content\/uploads\/brizy\/imgs\/b3-351x254x7x0x338x254x1630070167.jpg\" alt=\"\" loading=\"lazy\" \/><\/a><\/div>\n<\/div>\n<div class=\"brz-image__gallery-item\">\n<div class=\"brz-image brz-css-okgux\"><a class=\"brz-a\" href=\"https:\/\/caransebes.kolping.ro\/wp-content\/uploads\/2021\/08\/b1.jpg\" data-brz-link-type=\"lightBox\" id data-custom-id=\"dkciiuzhxlrcjtveuqcdusqgwewzdoawvyuv\"><img decoding=\"async\" class=\"brz-img\" src=\"https:\/\/caransebes.kolping.ro\/wp-content\/uploads\/brizy\/imgs\/b1-338x253x0x0x338x253x1630070164.jpg\" alt=\"\" loading=\"lazy\" \/><\/a><\/div>\n<\/div>\n<\/div>\n<\/div>\n<\/div>\n<\/div>\n<\/div>\n<\/section>\n<section data-uid=\"wxywjstsjqskohdsdbrmzxxkqdhqjxfnwwge\" id=\"wxywjstsjqskohdsdbrmzxxkqdhqjxfnwwge\" class=\"brz-section brz-css-hmrqz\">\n<div class=\"brz-section__content brz-section--boxed brz-css-qtete brz-css-tyfgn\" data-custom-id=\"huuykthyxsfbsdptyhsvnoqnncngczavckwc\">\n<div class=\"brz-container brz-css-yafvv brz-css-yajcs\">\n<div class=\"brz-css-oaaaa brz-css-iwvqc brz-wrapper\">\n<div class=\"brz-rich-text brz-rich-text__custom brz-css-mctwr\" data-custom-id=\"umisdlsohlgqnmgljerchbsjzulwellutucr\">\n<div>\n<h1 class=\"brz-css-aoxpn\" data-generated-css=\"brz-css-fqrol\" data-uniq-id=\"dbqdu\"><span class=\"brz-cp-color2\">G\u0103r\u00e2na Jazz Festival &amp; Folk Festival<\/span><\/h1>\n<\/div>\n<\/div>\n<\/div>\n<div class=\"brz-css-oaaaa brz-css-bqtmt brz-wrapper\">\n<div class=\"brz-rich-text brz-rich-text__custom brz-css-mctwr\" data-custom-id=\"wlvakpftzpxuwnwdeiugcicedvodkfikubmk\">\n<div>\n<p class=\"brz-css-fjvky\" data-generated-css=\"brz-css-gvndl\" data-uniq-id=\"neuek\"><em class=\"brz-cp-color7\">G\u0103r\u00e2na este o localitate din jude\u021bul Cara\u0219-Severin care g\u0103zduie\u0219te, \u00eenc\u0103 din 1997, an de an, Festivalul Interna\u021bional de Jazz. Aici au concertat de-a lungul celor 11 ani arti\u0219ti importan\u021bi din \u021bar\u0103 \u0219i din str\u0103in\u0103tate precum: Johnny R\u0103ducanu, Teodora Enache, Eberhard Weber \u0219i Reto Weber, Charles Lloyd \u0219i Jason Moran.<\/em><\/p>\n<p class=\"brz-css-qrevh\" data-generated-css=\"brz-css-exzig\" data-uniq-id=\"mkhna\"><em class=\"brz-cp-color7\"> <\/em><\/p>\n<\/div>\n<\/div>\n<\/div>\n<div class=\"brz-css-oaaaa brz-css-lauup brz-wrapper\">\n<div class=\"brz-image__gallery\" data-custom-id=\"midovzfkfnwgorhprkqsqllrtvxxwojnawdl\">\n<div class=\"brz-image__gallery-wrapper brz-d-xs-flex brz-flex-xs-wrap brz-image__gallery-lightbox brz-css-gmubh brz-css-otqkr\">\n<div class=\"brz-image__gallery-item\">\n<div class=\"brz-image brz-css-qnmre\"><a class=\"brz-a\" href=\"https:\/\/caransebes.kolping.ro\/wp-content\/uploads\/2021\/08\/g3.jpg\" data-brz-link-type=\"lightBox\" id data-custom-id=\"jjcnnpvjoippazddevugatichievvrgyzapy\"><img decoding=\"async\" class=\"brz-img\" src=\"https:\/\/caransebes.kolping.ro\/wp-content\/uploads\/brizy\/imgs\/g3-338x253x0x0x338x253x1630070247.jpg\" alt=\"\" loading=\"lazy\" \/><\/a><\/div>\n<\/div>\n<div class=\"brz-image__gallery-item\">\n<div class=\"brz-image brz-css-ohsjq\"><a class=\"brz-a\" href=\"https:\/\/caransebes.kolping.ro\/wp-content\/uploads\/2021\/08\/g1.jpg\" data-brz-link-type=\"lightBox\" id data-custom-id=\"ghpocabwbtfqtmjnlngnekmatfmmbaijegfb\"><img decoding=\"async\" class=\"brz-img\" src=\"https:\/\/caransebes.kolping.ro\/wp-content\/uploads\/brizy\/imgs\/g1-388x254x25x0x338x254x1630070246.jpg\" alt=\"\" loading=\"lazy\" \/><\/a><\/div>\n<\/div>\n<div class=\"brz-image__gallery-item\">\n<div class=\"brz-image brz-css-hjfre\"><a class=\"brz-a\" href=\"https:\/\/caransebes.kolping.ro\/wp-content\/uploads\/2021\/08\/g2.jpg\" data-brz-link-type=\"lightBox\" id data-custom-id=\"dphqstcdrmqhbxacqsprehvrdzjgkopxuurm\"><img decoding=\"async\" class=\"brz-img\" src=\"https:\/\/caransebes.kolping.ro\/wp-content\/uploads\/brizy\/imgs\/g2-382x254x44x0x338x254x1630070242.jpg\" alt=\"\" loading=\"lazy\" \/><\/a><\/div>\n<\/div>\n<\/div>\n<\/div>\n<\/div>\n<\/div>\n<\/div>\n<\/section>\n<section data-uid=\"vehmzkuengazhszkzaijhvzneiystdgaojdy\" id=\"vehmzkuengazhszkzaijhvzneiystdgaojdy\" class=\"brz-section brz-css-hmrqz\">\n<div class=\"brz-section__content brz-section--boxed brz-css-qtete brz-css-mgwed\" data-custom-id=\"xzcfxxsxnamggwnqauyuyietnapsalbdsvvx\">\n<div class=\"brz-container brz-css-yafvv brz-css-ocyxk\">\n<div class=\"brz-css-oaaaa brz-css-femuq brz-wrapper\">\n<div class=\"brz-rich-text brz-rich-text__custom brz-css-mctwr\" data-custom-id=\"hqcpbxefodyttrabfatteverwybinrgfjhfx\">\n<div>\n<h1 class=\"brz-css-tynna\" data-uniq-id=\"hhsfr\" data-generated-css=\"brz-css-zxhbk\"><span class=\"brz-cp-color2\">Lindenfeld &#8211; satul f\u0103r\u0103 locuitori<\/span><\/h1>\n<\/div>\n<\/div>\n<\/div>\n<div class=\"brz-css-oaaaa brz-css-qvvii brz-wrapper\">\n<div class=\"brz-rich-text brz-rich-text__custom brz-css-mctwr\" data-custom-id=\"jmgzgyukkvubapsjvgcihyjtpdnsqmyuxgfw\">\n<div>\n<p class=\"brz-css-xdyvq\" data-generated-css=\"brz-css-veuov\" data-uniq-id=\"idbdj\"><em class=\"brz-cp-color7\">Este un sat izolat de munte, ai c\u0103rui locuitori, to\u0163i de origine german\u0103, practicau ocupa\u0163iile tradi\u0163ionale. Fiind at\u00e2t de izola\u0163i, locuitorii Lindenfeldului au fost scuti\u0163i de recrutare \u00een armata austro-ungar\u0103 \u00een timpul primului r\u0103zboi mondial. \u00cen anul 1924, num\u0103rul lor era de 230. \u00cen cel de-al doilea r\u0103zboi mondial au fost, \u00eens\u0103, mul\u021bi au fost mobiliza\u0163i pe front, iar \u00een 1945 o mare parte dintre ei au fost deporta\u0163i \u00een Uniunea Sovietic\u0103, pentru c\u0103 erau germani. Aceste nefaste evenimente, ca \u015fi perioada comunist\u0103 care a urmat, au lovit greu mica a\u015fezare. Totu\u015fi, \u00een primele decenii postbelice puteau fi v\u0103zu\u0163i \u00een pia\u0163a din Caransebe\u015f, cu delicioasele lor \u201eKirschen\u201d (cire\u015fe).<\/em><\/p>\n<p class=\"brz-css-kdhun\" data-generated-css=\"brz-css-weqpl\" data-uniq-id=\"qawju\"><em class=\"brz-cp-color7\"> <\/em><\/p>\n<\/div>\n<\/div>\n<\/div>\n<div class=\"brz-css-oaaaa brz-css-onjzf brz-wrapper\">\n<div class=\"brz-image__gallery\" data-custom-id=\"bvyllgwwwbqpcpvyulqffkyszmtagwevfudo\">\n<div class=\"brz-image__gallery-wrapper brz-d-xs-flex brz-flex-xs-wrap brz-image__gallery-lightbox brz-css-gmubh brz-css-oxbfu\">\n<div class=\"brz-image__gallery-item\">\n<div class=\"brz-image brz-css-bznbx\"><a class=\"brz-a\" href=\"https:\/\/caransebes.kolping.ro\/wp-content\/uploads\/2021\/08\/l2.jpg\" data-brz-link-type=\"lightBox\" id data-custom-id=\"efjooryrofhkpjhqphhffeicjictitxwrewd\"><img decoding=\"async\" class=\"brz-img\" src=\"https:\/\/caransebes.kolping.ro\/wp-content\/uploads\/brizy\/imgs\/l2-338x253x0x0x338x253x1630070338.jpg\" alt=\"\" loading=\"lazy\" \/><\/a><\/div>\n<\/div>\n<div class=\"brz-image__gallery-item\">\n<div class=\"brz-image brz-css-bbnrt\"><a class=\"brz-a\" href=\"https:\/\/caransebes.kolping.ro\/wp-content\/uploads\/2021\/08\/l3.jpg\" data-brz-link-type=\"lightBox\" id data-custom-id=\"udvjfpehnpxjdnwmygwahxurlgvgyghieugy\"><img decoding=\"async\" class=\"brz-img\" src=\"https:\/\/caransebes.kolping.ro\/wp-content\/uploads\/brizy\/imgs\/l3-338x506x0x127x338x253x1630070340.jpg\" alt=\"\" loading=\"lazy\" \/><\/a><\/div>\n<\/div>\n<div class=\"brz-image__gallery-item\">\n<div class=\"brz-image brz-css-yegqz\"><a class=\"brz-a\" href=\"https:\/\/caransebes.kolping.ro\/wp-content\/uploads\/2021\/08\/l1.jpg\" data-brz-link-type=\"lightBox\" id data-custom-id=\"ecyiivxrrygtnkrgtnirajpemvywnrmapmvr\"><img decoding=\"async\" class=\"brz-img\" src=\"https:\/\/caransebes.kolping.ro\/wp-content\/uploads\/brizy\/imgs\/l1-382x254x44x0x338x254x1630070335.jpg\" alt=\"\" loading=\"lazy\" \/><\/a><\/div>\n<\/div>\n<\/div>\n<\/div>\n<\/div>\n<\/div>\n<\/div>\n<\/section>\n<section data-uid=\"axwuftybqisiqcppiqdgbidikkqmxtqbralm\" id=\"axwuftybqisiqcppiqdgbidikkqmxtqbralm\" class=\"brz-section brz-css-hmrqz\">\n<div class=\"brz-section__content brz-section--boxed brz-css-qtete brz-css-dfyxp\" data-custom-id=\"qooysxjsebzubnfbutggjrbhfnfxsklvrobg\">\n<div class=\"brz-container brz-css-yafvv brz-css-lgqnu\">\n<div class=\"brz-css-oaaaa brz-css-anfvq brz-wrapper\">\n<div class=\"brz-rich-text brz-rich-text__custom brz-css-mctwr\" data-custom-id=\"gvmdfeymfoqubapxjmtbionvqxytzgvotlch\">\n<div>\n<h1 class=\"brz-css-tbusf\" data-generated-css=\"brz-css-uhlsu\" data-uniq-id=\"pshih\"><span class=\"brz-cp-color2\">Calea Ferat\u0103 Oravi\u021ba-Anina<\/span><\/h1>\n<\/div>\n<\/div>\n<\/div>\n<div class=\"brz-css-oaaaa brz-css-mlnwe brz-wrapper\">\n<div class=\"brz-rich-text brz-rich-text__custom brz-css-mctwr\" data-custom-id=\"rwnevozwdvppqoedjkykmiqtdnmtesgeimjw\">\n<div>\n<p class=\"brz-css-qidmr\" data-generated-css=\"brz-css-luvud\" data-uniq-id=\"pdqym\"><em class=\"brz-cp-color7\">A fost inaugurat\u0103 la 15 decembrie 1863, fiind prima cale ferat\u0103 montan\u0103 (\u0219i a patra construit\u0103) de pe teritoriul actual al Rom\u00e2niei. Realizarea ei a avut ca scop transportul c\u0103rbunelui (huila), extras din minele de la Anina, c\u0103tre Oravi\u021ba \u0219i de acolo mai departe pe Calea ferat\u0103 Oravi\u021ba-Bazia\u0219 p\u00e2n\u0103 la Dun\u0103re, spre a fi \u00eenc\u0103rcat \u00een vase de transport fluvial. Are \u00een componen\u021b\u0103 14 tunele cu o lungime total\u0103 de 2.084 m \u0219i 10 viaducte, linia parcurg\u00e2nd Mun\u021bii Aninei. Este una dintre cele mai frumoase c\u0103i ferate din Rom\u00e2nia, dar \u0219i din Estul Uniunii Europene \u0219i a fost supranumit\u0103 Semmeringul Banatului.<\/em><\/p>\n<p class=\"brz-css-wcuti\" data-generated-css=\"brz-css-uvbfu\" data-uniq-id=\"dkzip\"><em class=\"brz-cp-color7\"> <\/em><\/p>\n<\/div>\n<\/div>\n<\/div>\n<div class=\"brz-css-oaaaa brz-css-qxgnk brz-wrapper\">\n<div class=\"brz-image__gallery\" data-custom-id=\"mgyjjtwtexywsrxxhbgnyexamaqbpcplmnlf\">\n<div class=\"brz-image__gallery-wrapper brz-d-xs-flex brz-flex-xs-wrap brz-image__gallery-lightbox brz-css-gmubh brz-css-raojv\">\n<div class=\"brz-image__gallery-item\">\n<div class=\"brz-image brz-css-dhsql\"><a class=\"brz-a\" href=\"https:\/\/caransebes.kolping.ro\/wp-content\/uploads\/2021\/08\/o3.jpg\" data-brz-link-type=\"lightBox\" id data-custom-id=\"ltkczxnpmzlcwckgwxrwhykeksbtkbhjsjby\"><img decoding=\"async\" class=\"brz-img\" src=\"https:\/\/caransebes.kolping.ro\/wp-content\/uploads\/brizy\/imgs\/o3-341x255x2x0x338x255x1630070420.jpg\" alt=\"\" loading=\"lazy\" \/><\/a><\/div>\n<\/div>\n<div class=\"brz-image__gallery-item\">\n<div class=\"brz-image brz-css-zkvak\"><a class=\"brz-a\" href=\"https:\/\/caransebes.kolping.ro\/wp-content\/uploads\/2021\/08\/o2.jpg\" data-brz-link-type=\"lightBox\" id data-custom-id=\"yaedzwqefmrfmslsksuyooakgxnijdzfozoz\"><img decoding=\"async\" class=\"brz-img\" src=\"https:\/\/caransebes.kolping.ro\/wp-content\/uploads\/brizy\/imgs\/o2-456x255x59x0x338x255x1630070419.jpg\" alt=\"\" loading=\"lazy\" \/><\/a><\/div>\n<\/div>\n<div class=\"brz-image__gallery-item\">\n<div class=\"brz-image brz-css-cnivk\"><a class=\"brz-a\" href=\"https:\/\/caransebes.kolping.ro\/wp-content\/uploads\/2021\/08\/o1.jpg\" data-brz-link-type=\"lightBox\" id data-custom-id=\"xjgxublaqvfsaukzpbjefjljqggroaujrzbp\"><img decoding=\"async\" class=\"brz-img\" src=\"https:\/\/caransebes.kolping.ro\/wp-content\/uploads\/brizy\/imgs\/o1-382x255x44x0x338x255x1630070416.jpg\" alt=\"\" loading=\"lazy\" \/><\/a><\/div>\n<\/div>\n<\/div>\n<\/div>\n<\/div>\n<\/div>\n<\/div>\n<\/section>\n<section data-uid=\"wyxmkbfcmryssvsfvcwiuyditrpphlqqqrgi\" id=\"wyxmkbfcmryssvsfvcwiuyditrpphlqqqrgi\" class=\"brz-section brz-css-hmrqz\">\n<div class=\"brz-section__content brz-section--boxed brz-css-qtete brz-css-zfobs\" data-custom-id=\"bvnvlfytaztupaqwyepnsapehaisjukrvcpb\">\n<div class=\"brz-container brz-css-yafvv brz-css-iivgu\">\n<div class=\"brz-css-oaaaa brz-css-zlggh brz-wrapper\">\n<div class=\"brz-rich-text brz-rich-text__custom brz-css-mctwr\" data-custom-id=\"vmsgwkwoaqcwxkkvqulzkskowisrnluzlyva\">\n<div>\n<h1 class=\"brz-css-buybi\" data-uniq-id=\"poqir\" data-generated-css=\"brz-css-vyoch\"><span class=\"brz-cp-color2\">Clisura Dun\u0103rii<\/span><\/h1>\n<\/div>\n<\/div>\n<\/div>\n<div class=\"brz-css-oaaaa brz-css-olxlg brz-wrapper\">\n<div class=\"brz-rich-text brz-rich-text__custom brz-css-mctwr\" data-custom-id=\"vgqouzetthfqtrehfpmgwzjjgoqovdvacqtm\">\n<div>\n<p class=\"brz-css-hwwon\" data-generated-css=\"brz-css-vrqvt\" data-uniq-id=\"rbebc\"><em class=\"brz-cp-color7\">Clisura Dun\u0103rii este o regiune geografic\u0103 situat\u0103 de-a lungul malului nordic al Dun\u0103rii, \u00een sudul Banatului. Regiunea este limitat\u0103 de r\u00e2ul Nera la vest \u015fi de Cazanele Dun\u0103rii la est. Oriunde, pe teritoriul Clisurii, te poti opri s\u0103 admiri peisajul. Pe o parte, dealuri st\u00e2ncoase, cu parcurile \u0219i rezerva\u021biile naturale, cu p\u0103durile seculare protejate cu soiuri de plante \u0219i p\u0103s\u0103ri unice \u00een lume. Iar pe cealalt\u0103, firul lene\u0219 al Dun\u0103rii.<\/em><\/p>\n<p class=\"brz-css-jazjo\" data-generated-css=\"brz-css-japxt\" data-uniq-id=\"ertvr\"><em class=\"brz-cp-color7\"> <\/em><\/p>\n<\/div>\n<\/div>\n<\/div>\n<div class=\"brz-css-oaaaa brz-css-knwee brz-wrapper\">\n<div class=\"brz-image__gallery\" data-custom-id=\"pjlzrgdwpykdmkyvzsefqlejxrxxapakbrzu\">\n<div class=\"brz-image__gallery-wrapper brz-d-xs-flex brz-flex-xs-wrap brz-image__gallery-lightbox brz-css-gmubh brz-css-vjzod\">\n<div class=\"brz-image__gallery-item\">\n<div class=\"brz-image brz-css-mrwbo\"><a class=\"brz-a\" href=\"https:\/\/caransebes.kolping.ro\/wp-content\/uploads\/2021\/08\/d1.jpg\" data-brz-link-type=\"lightBox\" id data-custom-id=\"rxcgrzcchtnrnehjssynkefjuykbdlbxpsew\"><img decoding=\"async\" class=\"brz-img\" src=\"https:\/\/caransebes.kolping.ro\/wp-content\/uploads\/brizy\/imgs\/d1-348x255x5x0x338x255x1630070472.jpg\" alt=\"\" loading=\"lazy\" \/><\/a><\/div>\n<\/div>\n<div class=\"brz-image__gallery-item\">\n<div class=\"brz-image brz-css-quesv\"><a class=\"brz-a\" href=\"https:\/\/caransebes.kolping.ro\/wp-content\/uploads\/2021\/08\/d2.jpg\" data-brz-link-type=\"lightBox\" id data-custom-id=\"spwtdzfngpgwbxylsrjvptvqtkrhqyelwjmv\"><img decoding=\"async\" class=\"brz-img\" src=\"https:\/\/caransebes.kolping.ro\/wp-content\/uploads\/brizy\/imgs\/d2-554x254x108x0x338x254x1630070475.jpg\" alt=\"\" loading=\"lazy\" \/><\/a><\/div>\n<\/div>\n<div class=\"brz-image__gallery-item\">\n<div class=\"brz-image brz-css-dqbdo\"><a class=\"brz-a\" href=\"https:\/\/caransebes.kolping.ro\/wp-content\/uploads\/2021\/08\/d3.jpg\" data-brz-link-type=\"lightBox\" id data-custom-id=\"hdvfyjfvhdcqmefmynvevvaxgmabzksntsxh\"><img decoding=\"async\" class=\"brz-img\" src=\"https:\/\/caransebes.kolping.ro\/wp-content\/uploads\/brizy\/imgs\/d3-348x255x10x0x338x255x1630070478.jpg\" alt=\"\" loading=\"lazy\" \/><\/a><\/div>\n<\/div>\n<\/div>\n<\/div>\n<\/div>\n<\/div>\n<\/div>\n<\/section>\n<section data-uid=\"qxgximzwytyhcnlcwgqbftkfmtupzljjorid\" id=\"qxgximzwytyhcnlcwgqbftkfmtupzljjorid\" class=\"brz-section brz-css-hmrqz\">\n<div class=\"brz-section__content brz-section--fullWidth brz-css-qtete brz-css-waffy\" data-custom-id=\"ghswapkuarqyodmndrnqhcsziyshmtyfeomn\">\n<div class=\"brz-bg overflow-hidden absolute top-0 left-0 w-full h-full\">\n<div class=\"brz-bg-color absolute top-0 left-0 w-full h-full\"><\/div>\n<\/div>\n<div class=\"brz-container brz-css-yafvv brz-css-tsvfs\">\n<div class=\"brz-row__container brz-css-ugcsd\" data-custom-id=\"kxkhgfnekgtefnwieuzbnuofbqfqpjawfiwm\">\n<div class=\"brz-bg overflow-hidden absolute top-0 left-0 w-full h-full\"><\/div>\n<div class=\"brz-row brz-css-gztaj brz-css-iocyb\">\n<div class=\"brz-columns brz-css-swwok brz-css-lnuxo\" data-custom-id=\"apfystntejbvfjuoufwqlwicudmtvlhoficv\">\n<div class=\"brz-bg overflow-hidden absolute top-0 left-0 w-full h-full\"><\/div>\n<div class=\"brz-column__items brz-css-eyath\">\n<div class=\"brz-wrapper-clone brz-css-fmnqn\">\n<div class=\"brz-d-xs-flex brz-flex-xs-wrap brz-css-exehu\">\n<div class=\"brz-wrapper-clone__item brz-css-jlvev\" id=\"gtzexglaxtmerssdfjovgvtvbzkrydvnmbps\">\n<div id class=\"brz-icon__container\" data-custom-id=\"gtzexglaxtmerssdfjovgvtvbzkrydvnmbps\"><span class=\"brz-icon brz-span brz-css-rwqqb brz-css-peujm\"><\/span><\/div>\n<\/div>\n<\/div>\n<\/div>\n<\/div>\n<\/div>\n<div class=\"brz-columns brz-css-swwok brz-css-yvijy\" data-custom-id=\"xzzrnmtycjwvfyaltaxsrkwraucgewkjgwfd\">\n<div class=\"brz-bg overflow-hidden absolute top-0 left-0 w-full h-full\"><\/div>\n<div class=\"brz-column__items brz-css-eyath\">\n<div class=\"brz-css-oaaaa brz-css-djwtt brz-wrapper\">\n<div class=\"brz-spacer brz-css-cfzjq brz-css-yogdv\"><\/div>\n<\/div>\n<div class=\"brz-css-oaaaa brz-wrapper\">\n<div class=\"brz-rich-text brz-rich-text__custom brz-css-mctwr\" data-custom-id=\"qsggwoxnhyjgjivnytpwmxvnucsiqrrxgamw\">\n<div>\n<p class=\"brz-css-tnmoy\" data-generated-css=\"brz-css-xtxrn\" data-uniq-id=\"qklfg\"><strong class=\"brz-cp-color7\">0757 021 721 <\/strong><\/p>\n<p class=\"brz-css-cljpq\" data-generated-css=\"brz-css-seylq\" data-uniq-id=\"ldyva\"><strong class=\"brz-cp-color7\">caransebes@kolping.ro <\/strong><\/p>\n<\/div>\n<\/div>\n<\/div>\n<\/div>\n<\/div>\n<div class=\"brz-columns brz-css-swwok brz-css-mjbfe\" data-custom-id=\"ggmfyejaaznwkthjvwbrwgedzcrothzosyuh\">\n<div class=\"brz-bg overflow-hidden absolute top-0 left-0 w-full h-full\"><\/div>\n<div class=\"brz-column__items brz-css-eyath\">\n<div class=\"brz-css-oaaaa brz-wrapper\">\n<div class=\"brz-rich-text brz-rich-text__custom brz-css-mctwr\" data-custom-id=\"cvmwkbxjtbrkylqybrpfjvpzzzyfckhkqfij\">\n<div>\n<p class=\"brz-css-ugmgi\" data-generated-css=\"brz-css-filqj\" data-uniq-id=\"kivla\"><a href=\"https:\/\/caransebes.kolping.ro\/en\/termenisiconditii\/\" class=\"link--external\" data-brz-link-type=\"external\"><strong>Termeni si conditii<\/strong><\/a><\/p>\n<p class=\"brz-css-rpmyz\" data-generated-css=\"brz-css-xbvqz\" data-uniq-id=\"oenqd\"><a href=\"http:\/\/www.anpc.gov.ro\/\" target=\"_blank\" class=\"link--external\" data-brz-link-type=\"external\" rel=\"noopener\"><strong>ANPC<\/strong><\/a><strong> <\/strong><\/p>\n<\/div>\n<\/div>\n<\/div>\n<\/div>\n<\/div>\n<div class=\"brz-columns brz-css-swwok brz-css-ytbwo\" data-custom-id=\"hzzmtvhzcpepcfvzxtqqabufmpxdxjcrbdut\">\n<div class=\"brz-bg overflow-hidden absolute top-0 left-0 w-full h-full\"><\/div>\n<div class=\"brz-column__items brz-css-eyath\">\n<div class=\"brz-wrapper-clone brz-css-fmnqn\">\n<div class=\"brz-d-xs-flex brz-flex-xs-wrap brz-css-exehu\">\n<div class=\"brz-wrapper-clone__item brz-css-jlvev\" id=\"pmlufwxdkepreakstfdfqlrgbbekurbwizcd\">\n<div id class=\"brz-icon__container\" data-custom-id=\"pmlufwxdkepreakstfdfqlrgbbekurbwizcd\"><a class=\"brz-a\" href=\"https:\/\/www.facebook.com\/KolpinghausCaransebesPensiune\" target=\"_blank\" rel=\"noopener\" data-brz-link-type=\"external\" id><span class=\"brz-icon brz-span brz-css-rwqqb brz-css-svuks\"><\/span><\/a><\/div>\n<\/div>\n<\/div>\n<\/div>\n<\/div>\n<\/div>\n<div class=\"brz-columns brz-css-swwok brz-css-fwwzg\" data-custom-id=\"gccxjnxkrrjiqbssyyjlqhudjkoebeudybhr\">\n<div class=\"brz-bg overflow-hidden absolute top-0 left-0 w-full h-full\"><\/div>\n<div class=\"brz-column__items brz-css-eyath\">\n<div class=\"brz-css-oaaaa brz-css-djwtt brz-wrapper\">\n<div class=\"brz-spacer brz-css-cfzjq brz-css-uxtnw\"><\/div>\n<\/div>\n<div class=\"brz-css-oaaaa brz-wrapper\">\n<div class=\"brz-rich-text brz-rich-text__custom brz-css-mctwr\" data-custom-id=\"zqydlnvqwkrwhdpystedlppwlcdsntwygwfp\">\n<div>\n<p class=\"brz-css-cjzve\" data-generated-css=\"brz-css-kbbxa\" data-uniq-id=\"ispdu\"><a href=\"https:\/\/www.facebook.com\/KolpinghausCaransebesPensiune\" target=\"_blank\" class=\"link--external brz-cp-color7\" data-brz-link-type=\"external\" rel=\"noopener\"><strong>Pensiunea Kolping<\/strong><\/a><\/p>\n<\/div>\n<\/div>\n<\/div>\n<\/div>\n<\/div>\n<\/div>\n<\/div>\n<\/div>\n<\/div>\n<\/section>\n<\/div>\n<p><!-- version:1776331873 --><\/p>","protected":false},"excerpt":{"rendered":"<p>OBIECTIVE TURISTICE Turnul lui Ovid \u00cen apropierea comunei Turnu-Ruieni este situat turnul de observa\u021bie \u0219i alarm\u0103 \u2013 Turnul lui Ovid. \u00centr-un document, datat \u00een anul 1467, se face referire la \u201cTurnul Capidea\u201d (turnul de piatr\u0103). De numele turnului se leag\u0103 o legend\u0103 care aminte\u015fte c\u0103 poetul Ovidiu, exilat din Roma la Tomis, ar fi poposit [&hellip;]<\/p>","protected":false},"author":1,"featured_media":0,"parent":0,"menu_order":0,"comment_status":"closed","ping_status":"closed","template":"visual-builder-template.php","meta":[],"_links":{"self":[{"href":"https:\/\/caransebes.kolping.ro\/en\/wp-json\/wp\/v2\/pages\/510"}],"collection":[{"href":"https:\/\/caransebes.kolping.ro\/en\/wp-json\/wp\/v2\/pages"}],"about":[{"href":"https:\/\/caransebes.kolping.ro\/en\/wp-json\/wp\/v2\/types\/page"}],"author":[{"embeddable":true,"href":"https:\/\/caransebes.kolping.ro\/en\/wp-json\/wp\/v2\/users\/1"}],"replies":[{"embeddable":true,"href":"https:\/\/caransebes.kolping.ro\/en\/wp-json\/wp\/v2\/comments?post=510"}],"version-history":[{"count":9,"href":"https:\/\/caransebes.kolping.ro\/en\/wp-json\/wp\/v2\/pages\/510\/revisions"}],"predecessor-version":[{"id":960,"href":"https:\/\/caransebes.kolping.ro\/en\/wp-json\/wp\/v2\/pages\/510\/revisions\/960"}],"wp:attachment":[{"href":"https:\/\/caransebes.kolping.ro\/en\/wp-json\/wp\/v2\/media?parent=510"}],"curies":[{"name":"wp","href":"https:\/\/api.w.org\/{rel}","templated":true}]}}